{"id":1365,"date":"2026-04-29T16:15:04","date_gmt":"2026-04-29T14:15:04","guid":{"rendered":"https:\/\/adapa-asso.net\/?page_id=1365"},"modified":"2026-04-29T16:15:04","modified_gmt":"2026-04-29T14:15:04","slug":"transmission-de-savoirs-en-milieu-scolaire","status":"publish","type":"page","link":"https:\/\/adapa-asso.net\/index.php\/transmission-de-savoirs-en-milieu-scolaire\/","title":{"rendered":"Transmission de savoirs en milieu scolaire"},"content":{"rendered":"\n<div class=\"wp-block-group\"><div class=\"wp-block-group__inner-container is-layout-constrained wp-block-group-is-layout-constrained\">\n<p>          Le partage et la mise en avant des connaissances et savoir-faire des \u00e9leveurs et \u00e9leveuses de notre territoire sont au c\u0153ur des actions men\u00e9es par l\u2019ADAPA. Si cela s\u2019est surtout concr\u00e9tis\u00e9 via les journ\u00e9es d\u2019\u00e9changes, avec des discussions entre pairs, une partie des \u00e9leveurs de l\u2019association ont ouvert leur ferme au milieu scolaire, agricole et non agricole, via les programmes ADMM et Maxim\u2019herbe, gr\u00e2ce \u00e0 de nombreux partenaires de confiances. <\/p>\n<\/div><\/div>\n\n\n\n<p>          Les objectifs sont simples :<strong> refaire du lien entre les publics<\/strong> (scolaires\/professionnels, urbain\/rural, amont\/aval) et <strong>promouvoir une agriculture autonome et durable pour tous<\/strong>. Trois axes de travail ont ainsi \u00e9t\u00e9 cibl\u00e9, avec d\u2019une part l\u2019enseignement agricole et d\u2019autre part l\u2019enseignement g\u00e9n\u00e9ral puis professionnel cibl\u00e9 intra-fili\u00e8re, le tous d\u00e9taill\u00e9 dans cette page.<\/p>\n\n\n\n<div class=\"wp-block-columns is-layout-flex wp-container-core-columns-is-layout-9d6595d7 wp-block-columns-is-layout-flex\">\n<div class=\"wp-block-column is-layout-flow wp-block-column-is-layout-flow\">\n<div class=\"wp-block-cover is-light\" style=\"min-height:159px;aspect-ratio:unset;\"><img loading=\"lazy\" decoding=\"async\" width=\"1024\" height=\"680\" class=\"wp-block-cover__image-background wp-image-1026 size-large\" alt=\"\" src=\"https:\/\/adapa-asso.net\/wp-content\/uploads\/2024\/03\/DSC02516-1024x680.jpg\" data-object-fit=\"cover\" srcset=\"https:\/\/adapa-asso.net\/wp-content\/uploads\/2024\/03\/DSC02516-1024x680.jpg 1024w, https:\/\/adapa-asso.net\/wp-content\/uploads\/2024\/03\/DSC02516-300x199.jpg 300w, https:\/\/adapa-asso.net\/wp-content\/uploads\/2024\/03\/DSC02516-768x510.jpg 768w, https:\/\/adapa-asso.net\/wp-content\/uploads\/2024\/03\/DSC02516-1536x1021.jpg 1536w, https:\/\/adapa-asso.net\/wp-content\/uploads\/2024\/03\/DSC02516-2048x1361.jpg 2048w, https:\/\/adapa-asso.net\/wp-content\/uploads\/2024\/03\/DSC02516-175x116.jpg 175w\" sizes=\"auto, (max-width: 1024px) 100vw, 1024px\" \/><span aria-hidden=\"true\" class=\"wp-block-cover__background has-background-dim\" style=\"background-color:#8d837e\"><\/span><div class=\"wp-block-cover__inner-container is-layout-constrained wp-block-cover-is-layout-constrained\">\n<p class=\"has-text-align-center has-theme-palette-9-color has-text-color has-link-color wp-elements-a05c39fafa4ff2cb4e4a208463502737\" style=\"font-size:26px\"><mark style=\"background-color:rgba(0, 0, 0, 0)\" class=\"has-inline-color has-theme-palette-9-color\"><strong><a href=\"#sant\u00e9-animale\">Penser la sant\u00e9 animale autrement<\/a><\/strong><\/mark><\/p>\n<\/div><\/div>\n<\/div>\n\n\n\n<div class=\"wp-block-column is-layout-flow wp-block-column-is-layout-flow\">\n<div class=\"wp-block-cover is-light\" style=\"min-height:150px;aspect-ratio:unset;\"><img loading=\"lazy\" decoding=\"async\" width=\"1024\" height=\"576\" class=\"wp-block-cover__image-background wp-image-135 size-large\" alt=\"\" src=\"https:\/\/adapa-asso.net\/wp-content\/uploads\/2020\/11\/20200929_111857-1024x576.jpg\" data-object-fit=\"cover\" srcset=\"https:\/\/adapa-asso.net\/wp-content\/uploads\/2020\/11\/20200929_111857-1024x576.jpg 1024w, https:\/\/adapa-asso.net\/wp-content\/uploads\/2020\/11\/20200929_111857-300x169.jpg 300w, https:\/\/adapa-asso.net\/wp-content\/uploads\/2020\/11\/20200929_111857-768x432.jpg 768w, https:\/\/adapa-asso.net\/wp-content\/uploads\/2020\/11\/20200929_111857-1536x864.jpg 1536w, https:\/\/adapa-asso.net\/wp-content\/uploads\/2020\/11\/20200929_111857-2048x1152.jpg 2048w, https:\/\/adapa-asso.net\/wp-content\/uploads\/2020\/11\/20200929_111857-206x116.jpg 206w\" sizes=\"auto, (max-width: 1024px) 100vw, 1024px\" \/><span aria-hidden=\"true\" class=\"wp-block-cover__background has-background-dim\" style=\"background-color:#888684\"><\/span><div class=\"wp-block-cover__inner-container is-layout-constrained wp-block-cover-is-layout-constrained\">\n<p class=\"has-text-align-center has-theme-palette-9-color has-text-color has-link-color wp-elements-3c2d5377295fcf07343d8e184dde1f68\" style=\"font-size:25px\"><a href=\"#non-agricole\"><mark style=\"background-color:rgba(0, 0, 0, 0)\" class=\"has-inline-color has-theme-palette-9-color\"><strong>Sensibiliser <\/strong><\/mark> <strong><mark style=\"background-color:rgba(0, 0, 0, 0)\" class=\"has-inline-color has-theme-palette-9-color\">un public non agricole<\/mark><\/strong><\/a><\/p>\n<\/div><\/div>\n<\/div>\n\n\n\n<div class=\"wp-block-column is-layout-flow wp-block-column-is-layout-flow\">\n<div class=\"wp-block-cover is-light\" style=\"min-height:150px;aspect-ratio:unset;\"><img loading=\"lazy\" decoding=\"async\" width=\"1024\" height=\"462\" class=\"wp-block-cover__image-background wp-image-463 size-large\" alt=\"\" src=\"https:\/\/adapa-asso.net\/wp-content\/uploads\/2021\/08\/etudiants-bouchers-1-1024x462.jpg\" data-object-fit=\"cover\" srcset=\"https:\/\/adapa-asso.net\/wp-content\/uploads\/2021\/08\/etudiants-bouchers-1-1024x462.jpg 1024w, https:\/\/adapa-asso.net\/wp-content\/uploads\/2021\/08\/etudiants-bouchers-1-300x135.jpg 300w, https:\/\/adapa-asso.net\/wp-content\/uploads\/2021\/08\/etudiants-bouchers-1-768x346.jpg 768w, https:\/\/adapa-asso.net\/wp-content\/uploads\/2021\/08\/etudiants-bouchers-1-228x103.jpg 228w, https:\/\/adapa-asso.net\/wp-content\/uploads\/2021\/08\/etudiants-bouchers-1.jpg 1420w\" sizes=\"auto, (max-width: 1024px) 100vw, 1024px\" \/><span aria-hidden=\"true\" class=\"wp-block-cover__background has-background-dim\" style=\"background-color:#968c83\"><\/span><div class=\"wp-block-cover__inner-container is-layout-constrained wp-block-cover-is-layout-constrained\">\n<p class=\"has-text-align-center has-theme-palette-9-color has-text-color has-link-color wp-elements-3c3ea118c1ca9f20402b970c646f43b4\" style=\"font-size:26px\"><mark style=\"background-color:rgba(0, 0, 0, 0)\" class=\"has-inline-color has-theme-palette-9-color\"><strong><a href=\"#\u00e9leveurs-bouchers\">Faire dialoguer \u00e9leveurs et bouchers<\/a><\/strong><\/mark><\/p>\n<\/div><\/div>\n<\/div>\n<\/div>\n\n\n\n<hr class=\"wp-block-separator has-alpha-channel-opacity\"\/>\n\n\n\n<div class=\"wp-block-columns is-layout-flex wp-container-core-columns-is-layout-9d6595d7 wp-block-columns-is-layout-flex\">\n<div class=\"wp-block-column is-vertically-aligned-top is-layout-flow wp-block-column-is-layout-flow\" style=\"flex-basis:27%\">\n<pre class=\"wp-block-preformatted\"><strong><mark style=\"background-color:rgba(0, 0, 0, 0)\" class=\"has-inline-color has-theme-palette-11-color\">Liens utiles \u00e0 destination du corps enseignant<\/mark><\/strong><br><br>- <strong><a href=\"https:\/\/www.agriculture-moyenne-montagne.org\/rubrique91.html\">Le Kit ressource ADMM<\/a> <\/strong><em>regroupe une grande diversit\u00e9 de supports sur diff\u00e9rentes th\u00e9matiques (changement climatique, agriculture et soci\u00e9t\u00e9, attractivit\u00e9 du m\u00e9tier, techniques de productions ...), \u00e0 mobiliser et adapter aupr\u00e8s de niveaux scolaires vari\u00e9s.<\/em><br><br>- <em>Les <strong><a href=\"https:\/\/adapa-asso.net\/index.php\/performances-technico-economiques\/\">fiches fermes<\/a><\/strong> mettant en avant les r\u00e9sultats technico-\u00e9conomiques de 9 \u00e9levages du Limousin en syst\u00e8mes herbagers, \u00e9conomes et autonomes.<\/em><br><br>- <em>La <strong><a href=\"https:\/\/www.youtube.com\/watch?v=eBY5a3WgSls&t=1s\">vid\u00e9o de pr\u00e9sentation<\/a><\/strong> associ\u00e9e \u00e0 l'une des fiches, o\u00f9 Marion et Willy nous partage leur vision de l'\u00e9levage et de leur m\u00e9tier avec passion.<\/em><br><br>Vous avez des questions sur les ressources ou souhaitez organiser une visite de ferme ou une intervention en classe : n'h\u00e9sitez pas \u00e0 contacter l'animatrice de l'association !<br><br>[0]7.82.61.31.87<br>contact[a]adapa-asso.net<\/pre>\n\n\n\n<div class=\"wp-block-group\"><div class=\"wp-block-group__inner-container is-layout-constrained wp-block-group-is-layout-constrained\">\n<p><strong>Programmes et partenaires<\/strong><\/p>\n\n\n\n<p style=\"font-size:12px\"><em>Les actions pr\u00e9sent\u00e9s sur cette page ont \u00e9t\u00e9 rendues possibles via les programmes ADMM et Maxim\u2019herbe et gr\u00e2ce aux partenaires ci-dessous.<\/em><\/p>\n<\/div><\/div>\n\n\n\n<div class=\"wp-block-columns is-layout-flex wp-container-core-columns-is-layout-9d6595d7 wp-block-columns-is-layout-flex\">\n<div class=\"wp-block-column is-layout-flow wp-block-column-is-layout-flow\">\n<figure class=\"wp-block-image size-full\"><img loading=\"lazy\" decoding=\"async\" width=\"582\" height=\"498\" src=\"https:\/\/adapa-asso.net\/wp-content\/uploads\/2020\/12\/ADMM.png\" alt=\"\" class=\"wp-image-317\" style=\"aspect-ratio:1.1687533440342428\" srcset=\"https:\/\/adapa-asso.net\/wp-content\/uploads\/2020\/12\/ADMM.png 582w, https:\/\/adapa-asso.net\/wp-content\/uploads\/2020\/12\/ADMM-300x257.png 300w, https:\/\/adapa-asso.net\/wp-content\/uploads\/2020\/12\/ADMM-136x116.png 136w\" sizes=\"auto, (max-width: 582px) 100vw, 582px\" \/><\/figure>\n\n\n\n<figure class=\"wp-block-image size-large\"><img loading=\"lazy\" decoding=\"async\" width=\"1024\" height=\"322\" src=\"https:\/\/adapa-asso.net\/wp-content\/uploads\/2026\/01\/LOGO-ANCTMarianne-1024x322.png\" alt=\"\" class=\"wp-image-1280\" srcset=\"https:\/\/adapa-asso.net\/wp-content\/uploads\/2026\/01\/LOGO-ANCTMarianne-1024x322.png 1024w, https:\/\/adapa-asso.net\/wp-content\/uploads\/2026\/01\/LOGO-ANCTMarianne-300x94.png 300w, https:\/\/adapa-asso.net\/wp-content\/uploads\/2026\/01\/LOGO-ANCTMarianne-768x242.png 768w, https:\/\/adapa-asso.net\/wp-content\/uploads\/2026\/01\/LOGO-ANCTMarianne-228x72.png 228w, https:\/\/adapa-asso.net\/wp-content\/uploads\/2026\/01\/LOGO-ANCTMarianne.png 1500w\" sizes=\"auto, (max-width: 1024px) 100vw, 1024px\" \/><\/figure>\n\n\n\n<figure class=\"wp-block-image size-large is-resized\"><img loading=\"lazy\" decoding=\"async\" width=\"1024\" height=\"501\" src=\"https:\/\/adapa-asso.net\/wp-content\/uploads\/2022\/02\/logo_Region-Nouvelle-Aquitaine-1024x501.jpg\" alt=\"\" class=\"wp-image-559\" style=\"aspect-ratio:2.044169941980161;width:96px;height:auto\" srcset=\"https:\/\/adapa-asso.net\/wp-content\/uploads\/2022\/02\/logo_Region-Nouvelle-Aquitaine-1024x501.jpg 1024w, https:\/\/adapa-asso.net\/wp-content\/uploads\/2022\/02\/logo_Region-Nouvelle-Aquitaine-300x147.jpg 300w, https:\/\/adapa-asso.net\/wp-content\/uploads\/2022\/02\/logo_Region-Nouvelle-Aquitaine-768x375.jpg 768w, https:\/\/adapa-asso.net\/wp-content\/uploads\/2022\/02\/logo_Region-Nouvelle-Aquitaine-1536x751.jpg 1536w, https:\/\/adapa-asso.net\/wp-content\/uploads\/2022\/02\/logo_Region-Nouvelle-Aquitaine-228x111.jpg 228w, https:\/\/adapa-asso.net\/wp-content\/uploads\/2022\/02\/logo_Region-Nouvelle-Aquitaine.jpg 1559w\" sizes=\"auto, (max-width: 1024px) 100vw, 1024px\" \/><\/figure>\n\n\n\n<figure class=\"wp-block-image size-full is-resized\"><img loading=\"lazy\" decoding=\"async\" width=\"400\" height=\"400\" src=\"https:\/\/adapa-asso.net\/wp-content\/uploads\/2024\/03\/logo-bleu_400x400.jpg\" alt=\"\" class=\"wp-image-1029\" style=\"width:103px;height:auto\" srcset=\"https:\/\/adapa-asso.net\/wp-content\/uploads\/2024\/03\/logo-bleu_400x400.jpg 400w, https:\/\/adapa-asso.net\/wp-content\/uploads\/2024\/03\/logo-bleu_400x400-300x300.jpg 300w, https:\/\/adapa-asso.net\/wp-content\/uploads\/2024\/03\/logo-bleu_400x400-150x150.jpg 150w, https:\/\/adapa-asso.net\/wp-content\/uploads\/2024\/03\/logo-bleu_400x400-116x116.jpg 116w\" sizes=\"auto, (max-width: 400px) 100vw, 400px\" \/><\/figure>\n\n\n\n<figure class=\"wp-block-image size-full is-resized\"><img loading=\"lazy\" decoding=\"async\" width=\"300\" height=\"297\" src=\"https:\/\/adapa-asso.net\/wp-content\/uploads\/2024\/03\/logo-LPA-2015-300x297-1.png\" alt=\"\" class=\"wp-image-1028\" style=\"aspect-ratio:1.010173880873104;width:78px;height:auto\" srcset=\"https:\/\/adapa-asso.net\/wp-content\/uploads\/2024\/03\/logo-LPA-2015-300x297-1.png 300w, https:\/\/adapa-asso.net\/wp-content\/uploads\/2024\/03\/logo-LPA-2015-300x297-1-150x150.png 150w, https:\/\/adapa-asso.net\/wp-content\/uploads\/2024\/03\/logo-LPA-2015-300x297-1-117x116.png 117w\" sizes=\"auto, (max-width: 300px) 100vw, 300px\" \/><\/figure>\n<\/div>\n\n\n\n<div class=\"wp-block-column is-layout-flow wp-block-column-is-layout-flow\">\n<figure class=\"wp-block-image size-full\"><img loading=\"lazy\" decoding=\"async\" width=\"303\" height=\"111\" src=\"https:\/\/adapa-asso.net\/wp-content\/uploads\/2025\/12\/logo-maximherbe.png\" alt=\"\" class=\"wp-image-1261\" srcset=\"https:\/\/adapa-asso.net\/wp-content\/uploads\/2025\/12\/logo-maximherbe.png 303w, https:\/\/adapa-asso.net\/wp-content\/uploads\/2025\/12\/logo-maximherbe-300x110.png 300w, https:\/\/adapa-asso.net\/wp-content\/uploads\/2025\/12\/logo-maximherbe-228x84.png 228w\" sizes=\"auto, (max-width: 303px) 100vw, 303px\" \/><\/figure>\n\n\n\n<figure class=\"wp-block-image size-large is-resized\"><img loading=\"lazy\" decoding=\"async\" width=\"1024\" height=\"689\" src=\"https:\/\/adapa-asso.net\/wp-content\/uploads\/2026\/01\/PREFETE_Massif_Central_CMJN-1024x689.png\" alt=\"\" class=\"wp-image-1279\" style=\"aspect-ratio:1.4863246700231323;width:109px;height:auto\" srcset=\"https:\/\/adapa-asso.net\/wp-content\/uploads\/2026\/01\/PREFETE_Massif_Central_CMJN-1024x689.png 1024w, https:\/\/adapa-asso.net\/wp-content\/uploads\/2026\/01\/PREFETE_Massif_Central_CMJN-300x202.png 300w, https:\/\/adapa-asso.net\/wp-content\/uploads\/2026\/01\/PREFETE_Massif_Central_CMJN-768x517.png 768w, https:\/\/adapa-asso.net\/wp-content\/uploads\/2026\/01\/PREFETE_Massif_Central_CMJN-1536x1033.png 1536w, https:\/\/adapa-asso.net\/wp-content\/uploads\/2026\/01\/PREFETE_Massif_Central_CMJN-2048x1378.png 2048w, https:\/\/adapa-asso.net\/wp-content\/uploads\/2026\/01\/PREFETE_Massif_Central_CMJN-172x116.png 172w\" sizes=\"auto, (max-width: 1024px) 100vw, 1024px\" \/><\/figure>\n\n\n\n<figure class=\"wp-block-image size-large is-resized\"><img loading=\"lazy\" decoding=\"async\" width=\"861\" height=\"1024\" src=\"https:\/\/adapa-asso.net\/wp-content\/uploads\/2026\/01\/Reseau-CIVAM-1-861x1024.jpg\" alt=\"\" class=\"wp-image-1288\" style=\"aspect-ratio:0.8408775981524249;width:67px;height:auto\" srcset=\"https:\/\/adapa-asso.net\/wp-content\/uploads\/2026\/01\/Reseau-CIVAM-1-861x1024.jpg 861w, https:\/\/adapa-asso.net\/wp-content\/uploads\/2026\/01\/Reseau-CIVAM-1-252x300.jpg 252w, https:\/\/adapa-asso.net\/wp-content\/uploads\/2026\/01\/Reseau-CIVAM-1-768x913.jpg 768w, https:\/\/adapa-asso.net\/wp-content\/uploads\/2026\/01\/Reseau-CIVAM-1-1292x1536.jpg 1292w, https:\/\/adapa-asso.net\/wp-content\/uploads\/2026\/01\/Reseau-CIVAM-1-1723x2048.jpg 1723w, https:\/\/adapa-asso.net\/wp-content\/uploads\/2026\/01\/Reseau-CIVAM-1-98x116.jpg 98w, https:\/\/adapa-asso.net\/wp-content\/uploads\/2026\/01\/Reseau-CIVAM-1.jpg 1800w\" sizes=\"auto, (max-width: 861px) 100vw, 861px\" \/><\/figure>\n\n\n\n<figure class=\"wp-block-image size-full is-resized\"><img loading=\"lazy\" decoding=\"async\" width=\"410\" height=\"248\" src=\"https:\/\/adapa-asso.net\/wp-content\/uploads\/2024\/03\/LyceeTulle_logo_2-e1649251331566.png\" alt=\"\" class=\"wp-image-1032\" style=\"aspect-ratio:1.6532465566823067;width:134px;height:auto\" srcset=\"https:\/\/adapa-asso.net\/wp-content\/uploads\/2024\/03\/LyceeTulle_logo_2-e1649251331566.png 410w, https:\/\/adapa-asso.net\/wp-content\/uploads\/2024\/03\/LyceeTulle_logo_2-e1649251331566-300x181.png 300w, https:\/\/adapa-asso.net\/wp-content\/uploads\/2024\/03\/LyceeTulle_logo_2-e1649251331566-192x116.png 192w\" sizes=\"auto, (max-width: 410px) 100vw, 410px\" \/><\/figure>\n\n\n\n<figure class=\"wp-block-image size-large is-resized\"><img loading=\"lazy\" decoding=\"async\" width=\"1024\" height=\"566\" src=\"https:\/\/adapa-asso.net\/wp-content\/uploads\/2026\/02\/cropped-logo_darsonval-1024x566.png\" alt=\"\" class=\"wp-image-1367\" style=\"aspect-ratio:1.809342388603611;width:103px;height:auto\" srcset=\"https:\/\/adapa-asso.net\/wp-content\/uploads\/2026\/02\/cropped-logo_darsonval-1024x566.png 1024w, https:\/\/adapa-asso.net\/wp-content\/uploads\/2026\/02\/cropped-logo_darsonval-300x166.png 300w, https:\/\/adapa-asso.net\/wp-content\/uploads\/2026\/02\/cropped-logo_darsonval-768x424.png 768w, https:\/\/adapa-asso.net\/wp-content\/uploads\/2026\/02\/cropped-logo_darsonval-1536x848.png 1536w, https:\/\/adapa-asso.net\/wp-content\/uploads\/2026\/02\/cropped-logo_darsonval-2048x1131.png 2048w, https:\/\/adapa-asso.net\/wp-content\/uploads\/2026\/02\/cropped-logo_darsonval-210x116.png 210w\" sizes=\"auto, (max-width: 1024px) 100vw, 1024px\" \/><\/figure>\n\n\n\n<figure class=\"wp-block-image size-full\"><img loading=\"lazy\" decoding=\"async\" width=\"710\" height=\"193\" src=\"https:\/\/adapa-asso.net\/wp-content\/uploads\/2024\/03\/cropped-2_2-Logo-entete-Les-Vaseix-plus-grande-copie.png\" alt=\"\" class=\"wp-image-1031\" srcset=\"https:\/\/adapa-asso.net\/wp-content\/uploads\/2024\/03\/cropped-2_2-Logo-entete-Les-Vaseix-plus-grande-copie.png 710w, https:\/\/adapa-asso.net\/wp-content\/uploads\/2024\/03\/cropped-2_2-Logo-entete-Les-Vaseix-plus-grande-copie-300x82.png 300w, https:\/\/adapa-asso.net\/wp-content\/uploads\/2024\/03\/cropped-2_2-Logo-entete-Les-Vaseix-plus-grande-copie-228x62.png 228w\" sizes=\"auto, (max-width: 710px) 100vw, 710px\" \/><\/figure>\n<\/div>\n<\/div>\n<\/div>\n\n\n\n<div class=\"wp-block-column is-layout-flow wp-block-column-is-layout-flow\" style=\"flex-basis:66.66%\">\n<h3 class=\"wp-block-heading has-text-align-center\" id=\"sant\u00e9-animale\">Penser la sant\u00e9 animale autrement<\/h3>\n\n\n\n<p>Parmi les diff\u00e9rents supports \u00e9ducatifs con\u00e7us par l\u2019ADAPA, ici en collaboration avec les partenaires du r\u00e9seau <strong>ADMM <\/strong>(Agriculture Durable de Moyenne Montagne), les posters sur la <strong>sant\u00e9 animale<\/strong> occupent une place particuli\u00e8re. Leur objectif est de promouvoir une <strong>vision globale et durable de la sant\u00e9 animale<\/strong>, en soulignant <strong>l\u2019interd\u00e9pendance entre la sant\u00e9 du troupeau, celle de l\u2019environnement et celle de l\u2019\u00e9leveur<\/strong>. Ils s\u2019appuient sur plus de 10 ans de donn\u00e9es collect\u00e9es ainsi que sur des t\u00e9moignages d\u2019\u00e9leveurs et d\u2019\u00e9leveuses pour partager des <strong>savoirs empiriques locaux<\/strong>, sans proposer de <em>\u00ab\u00a0recette cl\u00e9 en main\u00a0\u00bb<\/em>. L\u2019id\u00e9e est d\u2019<strong>encourager des pratiques adapt\u00e9es, autonomes et respectueuses des \u00e9quilibres \u00e9cologiques et humains, selon chaque contexte sp\u00e9cifique<\/strong>. Outil id\u00e9al pour allier th\u00e9orie et pratique, ces posters peuvent servir de supports pour vos s\u00e9ances, que ce soit \u00e0 travers des d\u00e9bats, des \u00e9tudes de cas comparatives ou d\u2019autres activit\u00e9s p\u00e9dagogiques. <strong>Bonne d\u00e9couverte !<\/strong><\/p>\n\n\n\n<div class=\"wp-block-columns is-layout-flex wp-container-core-columns-is-layout-9d6595d7 wp-block-columns-is-layout-flex\">\n<div class=\"wp-block-column is-layout-flow wp-block-column-is-layout-flow\">\n<div class=\"wp-block-columns is-layout-flex wp-container-core-columns-is-layout-9d6595d7 wp-block-columns-is-layout-flex\">\n<div class=\"wp-block-column is-layout-flow wp-block-column-is-layout-flow\">\n<figure class=\"wp-block-image size-large\"><img loading=\"lazy\" decoding=\"async\" width=\"724\" height=\"1024\" src=\"https:\/\/adapa-asso.net\/wp-content\/uploads\/2026\/03\/gt-santeanimale_posters_6__1-724x1024.png\" alt=\"\" class=\"wp-image-1413\" srcset=\"https:\/\/adapa-asso.net\/wp-content\/uploads\/2026\/03\/gt-santeanimale_posters_6__1-724x1024.png 724w, https:\/\/adapa-asso.net\/wp-content\/uploads\/2026\/03\/gt-santeanimale_posters_6__1-212x300.png 212w, https:\/\/adapa-asso.net\/wp-content\/uploads\/2026\/03\/gt-santeanimale_posters_6__1-768x1086.png 768w, https:\/\/adapa-asso.net\/wp-content\/uploads\/2026\/03\/gt-santeanimale_posters_6__1-1086x1536.png 1086w, https:\/\/adapa-asso.net\/wp-content\/uploads\/2026\/03\/gt-santeanimale_posters_6__1-1448x2048.png 1448w, https:\/\/adapa-asso.net\/wp-content\/uploads\/2026\/03\/gt-santeanimale_posters_6__1-82x116.png 82w, https:\/\/adapa-asso.net\/wp-content\/uploads\/2026\/03\/gt-santeanimale_posters_6__1-scaled.png 1810w\" sizes=\"auto, (max-width: 724px) 100vw, 724px\" \/><\/figure>\n<\/div>\n\n\n\n<div class=\"wp-block-column is-layout-flow wp-block-column-is-layout-flow\">\n<figure class=\"wp-block-image size-large\"><img loading=\"lazy\" decoding=\"async\" width=\"724\" height=\"1024\" src=\"https:\/\/adapa-asso.net\/wp-content\/uploads\/2026\/03\/gt-santeanimale_posters_6__2-724x1024.png\" alt=\"\" class=\"wp-image-1414\" srcset=\"https:\/\/adapa-asso.net\/wp-content\/uploads\/2026\/03\/gt-santeanimale_posters_6__2-724x1024.png 724w, https:\/\/adapa-asso.net\/wp-content\/uploads\/2026\/03\/gt-santeanimale_posters_6__2-212x300.png 212w, https:\/\/adapa-asso.net\/wp-content\/uploads\/2026\/03\/gt-santeanimale_posters_6__2-768x1086.png 768w, https:\/\/adapa-asso.net\/wp-content\/uploads\/2026\/03\/gt-santeanimale_posters_6__2-1086x1536.png 1086w, https:\/\/adapa-asso.net\/wp-content\/uploads\/2026\/03\/gt-santeanimale_posters_6__2-1448x2048.png 1448w, https:\/\/adapa-asso.net\/wp-content\/uploads\/2026\/03\/gt-santeanimale_posters_6__2-82x116.png 82w, https:\/\/adapa-asso.net\/wp-content\/uploads\/2026\/03\/gt-santeanimale_posters_6__2-scaled.png 1810w\" sizes=\"auto, (max-width: 724px) 100vw, 724px\" \/><\/figure>\n<\/div>\n<\/div>\n<\/div>\n\n\n\n<div class=\"wp-block-column is-layout-flow wp-block-column-is-layout-flow\">\n<div class=\"wp-block-columns is-layout-flex wp-container-core-columns-is-layout-9d6595d7 wp-block-columns-is-layout-flex\">\n<div class=\"wp-block-column is-layout-flow wp-block-column-is-layout-flow\">\n<figure class=\"wp-block-image size-large\"><img loading=\"lazy\" decoding=\"async\" width=\"724\" height=\"1024\" src=\"https:\/\/adapa-asso.net\/wp-content\/uploads\/2026\/03\/gt-santeanimale_posters_6__3-724x1024.png\" alt=\"\" class=\"wp-image-1415\" srcset=\"https:\/\/adapa-asso.net\/wp-content\/uploads\/2026\/03\/gt-santeanimale_posters_6__3-724x1024.png 724w, https:\/\/adapa-asso.net\/wp-content\/uploads\/2026\/03\/gt-santeanimale_posters_6__3-212x300.png 212w, https:\/\/adapa-asso.net\/wp-content\/uploads\/2026\/03\/gt-santeanimale_posters_6__3-768x1086.png 768w, https:\/\/adapa-asso.net\/wp-content\/uploads\/2026\/03\/gt-santeanimale_posters_6__3-1086x1536.png 1086w, https:\/\/adapa-asso.net\/wp-content\/uploads\/2026\/03\/gt-santeanimale_posters_6__3-1448x2048.png 1448w, https:\/\/adapa-asso.net\/wp-content\/uploads\/2026\/03\/gt-santeanimale_posters_6__3-82x116.png 82w, https:\/\/adapa-asso.net\/wp-content\/uploads\/2026\/03\/gt-santeanimale_posters_6__3-scaled.png 1810w\" sizes=\"auto, (max-width: 724px) 100vw, 724px\" \/><\/figure>\n<\/div>\n\n\n\n<div class=\"wp-block-column is-layout-flow wp-block-column-is-layout-flow\">\n<figure class=\"wp-block-image size-large\"><img loading=\"lazy\" decoding=\"async\" width=\"724\" height=\"1024\" src=\"https:\/\/adapa-asso.net\/wp-content\/uploads\/2026\/03\/gt-santeanimale_posters_6__4-724x1024.png\" alt=\"\" class=\"wp-image-1416\" srcset=\"https:\/\/adapa-asso.net\/wp-content\/uploads\/2026\/03\/gt-santeanimale_posters_6__4-724x1024.png 724w, https:\/\/adapa-asso.net\/wp-content\/uploads\/2026\/03\/gt-santeanimale_posters_6__4-212x300.png 212w, https:\/\/adapa-asso.net\/wp-content\/uploads\/2026\/03\/gt-santeanimale_posters_6__4-768x1086.png 768w, https:\/\/adapa-asso.net\/wp-content\/uploads\/2026\/03\/gt-santeanimale_posters_6__4-1086x1536.png 1086w, https:\/\/adapa-asso.net\/wp-content\/uploads\/2026\/03\/gt-santeanimale_posters_6__4-1448x2048.png 1448w, https:\/\/adapa-asso.net\/wp-content\/uploads\/2026\/03\/gt-santeanimale_posters_6__4-82x116.png 82w, https:\/\/adapa-asso.net\/wp-content\/uploads\/2026\/03\/gt-santeanimale_posters_6__4-scaled.png 1810w\" sizes=\"auto, (max-width: 724px) 100vw, 724px\" \/><\/figure>\n<\/div>\n<\/div>\n<\/div>\n<\/div>\n\n\n\n<p>          Au del\u00e0 de la cr\u00e9ation de support p\u00e9dagogique multi-niveau, l\u2019ADAPA effectue surtout un gros travail en lien avec l\u2019<strong>enseignement agricole<\/strong>, gr\u00e2ce \u00e0 la collaboration d\u2019enseignants, enseignantes, \u00e9leveurs et \u00e9leveuses motiv\u00e9es. CFA, Bacs pros, BTS, \u2026 l\u2019id\u00e9e est de <em><strong>pr\u00e9senter aux \u00e9l\u00e8ves des exemples d\u2019\u00e9levages autonomes performants<\/strong><\/em> au travers de visites, de diagnostics r\u00e9alis\u00e9 par eux-m\u00eames, ou encore d\u2019interventions en classe, toujours en pr\u00e9sence des paysans afin de favoriser les \u00e9changes directes. L\u2019objectif est d\u2019illustrer la r\u00e9ussite de ces syst\u00e8mes et de casser quelques st\u00e9r\u00e9otypes persistants gr\u00e2ce \u00e0 des donn\u00e9es chiffr\u00e9es. Un gros travail a \u00e9t\u00e9 fait en ce sens via les fiches de fermes du programme Maxim\u2019herbe (cf liens utiles).<\/p>\n\n\n\n<h3 class=\"wp-block-heading has-text-align-center\" id=\"non-agricole\">Sensibiliser un public non agricole<\/h3>\n\n\n\n<p>L\u2019ADAPA m\u00e8ne un travail actif aupr\u00e8s des <strong>\u00e9tablissements scolaires non agricoles<\/strong>, et notamment des coll\u00e8ges. L\u2019objectif ? Initier un premier pas \u00e0 la d\u00e9couverte du monde agricole et <strong>casser les pr\u00e9jug\u00e9s<\/strong> qui y sont trop souvent associ\u00e9s. Nous organisons ainsi des visites de fermes du r\u00e9seau, durables et autonomes. Tout au long de la balade, les \u00e9l\u00e8ves d\u00e9couvrent alors des \u00e9leveurs heureux, fi\u00e8re de leur travail, et questionnent ses pratiques, son m\u00e9tier, son lien \u00e0 l\u2019environnement et au territoire, le tout gr\u00e2ce \u00e0 une activit\u00e9 de groupe permettant de motiver les troupes une heure durant.<\/p>\n\n\n\n<div class=\"wp-block-columns is-layout-flex wp-container-core-columns-is-layout-9d6595d7 wp-block-columns-is-layout-flex\">\n<div class=\"wp-block-column is-layout-flow wp-block-column-is-layout-flow\" style=\"flex-basis:66.66%\">\n<p>Dans la m\u00eame d\u00e9marche, et toujours via le programme ADMM, des <strong>\u00e9tudes de cas cl\u00e9s en main<\/strong> ont \u00e9t\u00e9 cr\u00e9es, s\u2019int\u00e9grant aux cours <strong>d\u2019histoire-g\u00e9ographie en coll\u00e8ge et lyc\u00e9e<\/strong>. En lieu et place des champs de pomme de terres du Nord ou de la comparaison bocage\/openfield des manuels traditionnels, elles offrent aux enseignants un <strong>support concret, bas\u00e9 sur une ferme locale, autonome et durable<\/strong>, pour aborder diff\u00e9rents th\u00e8mes comme les dynamiques rurales et les nouveaux d\u00e9fis de l\u2019agriculture, l\u2019\u00e9volution des pratiques agricoles et leur impact sur l\u2019environnement, ou encore les m\u00e9tiers et les fili\u00e8res qui fa\u00e7onnent nos paysages et notre alimentation.<\/p>\n<\/div>\n\n\n\n<div class=\"wp-block-column is-layout-flow wp-block-column-is-layout-flow\" style=\"flex-basis:33.33%\">\n<figure class=\"wp-block-image size-full is-resized\"><a href=\"https:\/\/www.agriculture-moyenne-montagne.org\/IMG\/pdf\/etude_de_cas_-_histoire-geographie_-_college_limousin_vf.pdf\"><img loading=\"lazy\" decoding=\"async\" width=\"368\" height=\"521\" src=\"https:\/\/adapa-asso.net\/wp-content\/uploads\/2026\/04\/p1-etude-de-cas.png\" alt=\"\" class=\"wp-image-1436\" style=\"aspect-ratio:0.7070384757676655;width:186px;height:auto\" srcset=\"https:\/\/adapa-asso.net\/wp-content\/uploads\/2026\/04\/p1-etude-de-cas.png 368w, https:\/\/adapa-asso.net\/wp-content\/uploads\/2026\/04\/p1-etude-de-cas-212x300.png 212w, https:\/\/adapa-asso.net\/wp-content\/uploads\/2026\/04\/p1-etude-de-cas-82x116.png 82w\" sizes=\"auto, (max-width: 368px) 100vw, 368px\" \/><\/a><\/figure>\n<\/div>\n<\/div>\n\n\n\n<p>Des initiatives qui allient p\u00e9dagogie, terrain et ouverture d\u2019esprit, pour que les \u00e9l\u00e8ves voient l\u2019agriculture autrement. <em>D\u2019autres supports sont \u00e0 votre disposition via le Kit ressource (cf liens utiles).<\/em><\/p>\n\n\n\n<h3 class=\"wp-block-heading has-text-align-center\" id=\"\u00e9leveurs-bouchers\">Faire dialoguer \u00e9leveurs et bouchers<\/h3>\n\n\n\n<p>Enfin, l\u2019ADAPA co-organise des <strong>ateliers collaboratifs<\/strong> avec le <strong>CFA des 13 vents de Tulle<\/strong> pour <strong>rapprocher \u00e9leveurs et futurs bouchers<\/strong>. Lors de ces s\u00e9ances, un <strong>\u00e9leveur accompagne des apprentis<\/strong> pendant un TP de d\u00e9coupe de son animal (engraiss\u00e9 \u00e0 l\u2019herbe), suivi d\u2019une <strong>d\u00e9gustation et d\u2019un \u00e9change<\/strong>. Les apprentis analysent la qualit\u00e9 de la viande (texture, conformation, etc.), tandis que l\u2019\u00e9leveur explique <strong>ses pratiques d\u2019\u00e9levage<\/strong>, amenant la discussion de leur impact sur le produit final. L\u2019objectif est ici de <strong>montrer que l\u2019alimentation et le mode d\u2019\u00e9levage influencent directement la qualit\u00e9 de la viande<\/strong>, et <strong>favoriser une meilleure compr\u00e9hension mutuelle entre les maillons de la fili\u00e8re<\/strong>, pour ainsi lever certains freins \u00e0 la transition.<\/p>\n<\/div>\n<\/div>\n\n\n\n<p><\/p>\n","protected":false},"excerpt":{"rendered":"<p>Le partage et la mise en avant des connaissances et savoir-faire des \u00e9leveurs et \u00e9leveuses de notre territoire sont au c\u0153ur des actions men\u00e9es par l\u2019ADAPA. Si cela s\u2019est surtout concr\u00e9tis\u00e9 via les journ\u00e9es d\u2019\u00e9changes, avec des discussions entre pairs, une partie des \u00e9leveurs de l\u2019association ont ouvert leur ferme au milieu scolaire, agricole et&#8230;<\/p>\n","protected":false},"author":2,"featured_media":0,"parent":0,"menu_order":0,"comment_status":"closed","ping_status":"closed","template":"","meta":{"_kadence_starter_templates_imported_post":false,"_kad_post_transparent":"","_kad_post_title":"","_kad_post_layout":"","_kad_post_sidebar_id":"","_kad_post_content_style":"","_kad_post_vertical_padding":"","_kad_post_feature":"","_kad_post_feature_position":"","_kad_post_header":false,"_kad_post_footer":false,"_kad_post_classname":"","footnotes":""},"class_list":["post-1365","page","type-page","status-publish","hentry"],"_links":{"self":[{"href":"https:\/\/adapa-asso.net\/index.php\/wp-json\/wp\/v2\/pages\/1365","targetHints":{"allow":["GET"]}}],"collection":[{"href":"https:\/\/adapa-asso.net\/index.php\/wp-json\/wp\/v2\/pages"}],"about":[{"href":"https:\/\/adapa-asso.net\/index.php\/wp-json\/wp\/v2\/types\/page"}],"author":[{"embeddable":true,"href":"https:\/\/adapa-asso.net\/index.php\/wp-json\/wp\/v2\/users\/2"}],"replies":[{"embeddable":true,"href":"https:\/\/adapa-asso.net\/index.php\/wp-json\/wp\/v2\/comments?post=1365"}],"version-history":[{"count":9,"href":"https:\/\/adapa-asso.net\/index.php\/wp-json\/wp\/v2\/pages\/1365\/revisions"}],"predecessor-version":[{"id":1439,"href":"https:\/\/adapa-asso.net\/index.php\/wp-json\/wp\/v2\/pages\/1365\/revisions\/1439"}],"wp:attachment":[{"href":"https:\/\/adapa-asso.net\/index.php\/wp-json\/wp\/v2\/media?parent=1365"}],"curies":[{"name":"wp","href":"https:\/\/api.w.org\/{rel}","templated":true}]}}